{"id":22,"date":"2020-06-11T07:26:45","date_gmt":"2020-06-11T07:26:45","guid":{"rendered":"http:\/\/ninzio.com\/worksquare\/?page_id=22"},"modified":"2025-02-13T15:17:46","modified_gmt":"2025-02-13T14:17:46","slug":"privekantoor","status":"publish","type":"page","link":"https:\/\/villa-aurelia.de\/nl\/privatbuero\/","title":{"rendered":"Priv\u00e9kantoor"},"content":{"rendered":"<div class=\"wpb-content-wrapper\"><div class=\"vc_row wpb_row vc_row-fluid position-relative\"><div class=\"wpb_column vc_column_container vc_col-sm-12\"><div class=\"vc_column-inner\"><div class=\"wpb_wrapper\">\n\t\t\t<!-- START Slider 5 REVOLUTION SLIDER 6.7.15 --><p class=\"rs-p-wp-fix\"><\/p>\n\t\t\t<rs-module-wrap id=\"rev_slider_5_1_wrapper\" data-source=\"gallery\" style=\"visibility:hidden;background:transparent;padding:0;margin:0px auto;margin-top:0;margin-bottom:0;\">\n\t\t\t\t<rs-module id=\"rev_slider_5_1\" style=\"\" data-version=\"6.7.15\">\n\t\t\t\t\t<rs-slides style=\"overflow: hidden; position: absolute;\">\n\t\t\t\t\t\t<rs-slide style=\"position: absolute;\" data-key=\"rs-5\" data-title=\"Slide\" data-in=\"o:0;\" data-out=\"a:false;\">\n\t\t\t\t\t\t\t<img decoding=\"async\" src=\"\/\/villa-aurelia.de\/wp-content\/plugins\/revslider\/sr6\/assets\/assets\/dummy.png\" alt=\"\" title=\"Banner Privatb\u00fcro\" width=\"1920\" height=\"1080\" class=\"rev-slidebg tp-rs-img rs-lazyload\" data-lazyload=\"\/\/villa-aurelia.de\/wp-content\/uploads\/2024\/07\/Banner-Privatbuero.jpg\" data-no-retina>\n<!--\n\t\t\t\t\t\t\t--><rs-layer\n\t\t\t\t\t\t\t\tid=\"slider-5-slide-5-layer-0\" \n\t\t\t\t\t\t\t\tdata-type=\"text\"\n\t\t\t\t\t\t\t\tdata-color=\"#1d2b36\"\n\t\t\t\t\t\t\t\tdata-rsp_ch=\"on\"\n\t\t\t\t\t\t\t\tdata-xy=\"xo:-1px,20px,35px,24px;yo:271px,297px,235px,243px;\"\n\t\t\t\t\t\t\t\tdata-text=\"w:normal;s:72,72,62,42;l:80,80,70,50;ls:-1px,0px,0px,0px;\"\n\t\t\t\t\t\t\t\tdata-dim=\"w:700px,700px,560px,400px;\"\n\t\t\t\t\t\t\t\tdata-frame_0=\"y:50,43,32,19;\"\n\t\t\t\t\t\t\t\tdata-frame_1=\"sp:1000;\"\n\t\t\t\t\t\t\t\tdata-frame_999=\"o:0;st:w;\"\n\t\t\t\t\t\t\t\tstyle=\"z-index:5;font-family:'Source Serif 4';\"\n\t\t\t\t\t\t\t><span class=\"heading-font\">B\u00fcros zur Steigerung der Produktivit\u00e4t.<\/span> \n\t\t\t\t\t\t\t<\/rs-layer><!--\n\n\t\t\t\t\t\t\t--><rs-layer\n\t\t\t\t\t\t\t\tid=\"slider-5-slide-5-layer-1\" \n\t\t\t\t\t\t\t\tdata-type=\"text\"\n\t\t\t\t\t\t\t\tdata-color=\"#1d2b36\"\n\t\t\t\t\t\t\t\tdata-xy=\"xo:2px,21px,35px,24px;yo:464px,486px,459px,389px;\"\n\t\t\t\t\t\t\t\tdata-text=\"w:normal;s:18,18,18,16;l:27,27,27,25;fw:600;\"\n\t\t\t\t\t\t\t\tdata-dim=\"w:630px,630px,450px,300px;\"\n\t\t\t\t\t\t\t\tdata-rsp_bd=\"off\"\n\t\t\t\t\t\t\t\tdata-frame_0=\"y:50,43,32,19;\"\n\t\t\t\t\t\t\t\tdata-frame_1=\"st:300;sp:1000;\"\n\t\t\t\t\t\t\t\tdata-frame_999=\"o:0;st:w;\"\n\t\t\t\t\t\t\t\tstyle=\"z-index:6;font-family:'Source Serif 4';\"\n\t\t\t\t\t\t\t>Abschlie\u00dfbare und bezugsfertige B\u00fcror\u00e4ume, die Sie Ihr Eigen nennen k\u00f6nnen, mit Zugang zu gemeinsamen Konferenzr\u00e4umen, Gemeinschaftsbereichen und erstklassigen Annehmlichkeiten. \n\t\t\t\t\t\t\t<\/rs-layer><!--\n\n\t\t\t\t\t\t\t--><a\n\t\t\t\t\t\t\t\tid=\"slider-5-slide-5-layer-2\" \n\t\t\t\t\t\t\t\tclass=\"rs-layer rev-btn\"\n\t\t\t\t\t\t\t\thref=\"http:\/\/villa-aurelia.de\/privatbuero\/#preise\" target=\"_self\" rel=\"nofollow\"\n\t\t\t\t\t\t\t\tdata-type=\"button\"\n\t\t\t\t\t\t\t\tdata-xy=\"xo:2px,21px,35px,24px;yo:602px,616px,658px,581px;\"\n\t\t\t\t\t\t\t\tdata-text=\"w:normal;s:16;l:60;fw:500;\"\n\t\t\t\t\t\t\t\tdata-dim=\"minh:0px,none,none,none;\"\n\t\t\t\t\t\t\t\tdata-rsp_bd=\"off\"\n\t\t\t\t\t\t\t\tdata-padding=\"r:44;l:44;\"\n\t\t\t\t\t\t\t\tdata-border=\"bor:5px,5px,5px,5px;\"\n\t\t\t\t\t\t\t\tdata-frame_0=\"y:50,43,32,19;\"\n\t\t\t\t\t\t\t\tdata-frame_1=\"st:600;sp:1000;\"\n\t\t\t\t\t\t\t\tdata-frame_999=\"o:0;st:w;\"\n\t\t\t\t\t\t\t\tdata-frame_hover=\"bgc:#625f5f;bor:5px,5px,5px,5px;e:power1.inOut;bri:120%;\"\n\t\t\t\t\t\t\t\tstyle=\"z-index:7;background-color:#313131;font-family:'Roboto';\"\n\t\t\t\t\t\t\t><span class=\"heading-font\">Jetzt anfragen<\/span> \n\t\t\t\t\t\t\t<\/a><!--\n\n\t\t\t\t\t\t\t--><rs-layer\n\t\t\t\t\t\t\t\tid=\"slider-5-slide-5-layer-4\" \n\t\t\t\t\t\t\t\tdata-type=\"image\"\n\t\t\t\t\t\t\t\tdata-xy=\"xo:2px,21px,35px,24px;yo:803px,832px,832px,734px;\"\n\t\t\t\t\t\t\t\tdata-text=\"w:normal;s:20,17,12,7;l:0,21,15,9;\"\n\t\t\t\t\t\t\t\tdata-dim=\"w:[&#039;30px&#039;,&#039;30px&#039;,&#039;30px&#039;,&#039;30px&#039;];h:[&#039;37px&#039;,&#039;37px&#039;,&#039;37px&#039;,&#039;37px&#039;];\"\n\t\t\t\t\t\t\t\tdata-actions='o:click;a:scrollbelow;offset:-100px;sp:1000ms;e:power1.inOut;'\n\t\t\t\t\t\t\t\tdata-rsp_bd=\"off\"\n\t\t\t\t\t\t\t\tdata-frame_0=\"y:50,43,32,19;\"\n\t\t\t\t\t\t\t\tdata-frame_1=\"st:1200;sp:1000;\"\n\t\t\t\t\t\t\t\tdata-frame_999=\"o:0;st:w;\"\n\t\t\t\t\t\t\t\tdata-loop_0=\"y:-10;\"\n\t\t\t\t\t\t\t\tdata-loop_999=\"y:10;sp:6000;e:sine.inOut;yym:t;\"\n\t\t\t\t\t\t\t\tstyle=\"z-index:9;cursor:pointer;\"\n\t\t\t\t\t\t\t><img decoding=\"async\" src=\"\/\/villa-aurelia.de\/wp-content\/plugins\/revslider\/sr6\/assets\/assets\/dummy.png\" alt=\"\" class=\"tp-rs-img rs-lazyload\" data-lazyload=\"\/\/ninzio.com\/worksquare\/wp-content\/uploads\/2020\/07\/scrollicon-2.png\" data-no-retina> \n\t\t\t\t\t\t\t<\/rs-layer><!--\n-->\t\t\t\t\t<\/rs-slide>\n\t\t\t\t\t<\/rs-slides>\n\t\t\t\t<\/rs-module>\n\t\t\t\t<script>\n\t\t\t\t\tsetREVStartSize({c: 'rev_slider_5_1',rl:[1240,1024,778,480],el:[940,940,960,880],gw:[1170,1024,778,480],gh:[940,940,960,880],type:'standard',justify:'',layout:'fullwidth',mh:\"0\"});if (window.RS_MODULES!==undefined && window.RS_MODULES.modules!==undefined && window.RS_MODULES.modules[\"revslider51\"]!==undefined) {window.RS_MODULES.modules[\"revslider51\"].once = false;window.revapi5 = undefined;if (window.RS_MODULES.checkMinimal!==undefined) window.RS_MODULES.checkMinimal()}\n\t\t\t\t<\/script>\n\t\t\t<\/rs-module-wrap>\n\t\t\t<!-- END REVOLUTION SLIDER -->\n<\/div><\/div><\/div><\/div><div class=\"vc_row wpb_row vc_row-fluid position-relative\"><div class=\"wpb_column vc_column_container vc_col-sm-12\"><div class=\"vc_column-inner\"><div class=\"wpb_wrapper\"><div class=\"deeper-spacer clearfix\" data-config='{\"desktop\":100,\"mobile\":80,\"smobile\":80}'><\/div><\/div><\/div><\/div><div class=\"wpb_column vc_column_container vc_col-sm-5\"><div class=\"vc_column-inner\"><div class=\"wpb_wrapper\"><h5 class=\"deeper-text align-left \" style=\"font-size:16px;font-weight:600;letter-spacing:-0.2px;margin-bottom:16px;color:#313131;\" ><span>Fertige Privatb\u00fcros f\u00fcr die Zusammenarbeit im Team<\/span>\n<\/h5><h2 class=\"deeper-text align-left  text-has-width\" style=\"font-size:32px;letter-spacing:-0.2px;max-width:800px;\" ><span>Gestalten Sie Ihren Arbeitsbereich neu, ver\u00e4ndern Sie Ihre Arbeitskultur<\/span>\n<\/h2><\/div><\/div><\/div><div class=\"wpb_column vc_column_container vc_col-sm-7\"><div class=\"vc_column-inner\"><div class=\"wpb_wrapper\"><div class=\"deeper-spacer clearfix\" data-config='{\"desktop\":40,\"mobile\":40,\"smobile\":40}'><\/div><div class=\"deeper-text align-left  text-has-width\" style=\"font-size:16px;letter-spacing:-0.2px;max-width:800px;color:#313131;\" ><span>Wir bieten Ihnen und Ihrem Team eine Reihe von privaten Arbeitspl\u00e4tzen, von bezugsfertigen Standardb\u00fcros f\u00fcr zwei bis vier Personen auf einer gemeinsam genutzten Etage.<\/span>\n<\/div><\/div><\/div><\/div><div class=\"wpb_column vc_column_container vc_col-sm-12\"><div class=\"vc_column-inner\"><div class=\"wpb_wrapper\"><div class=\"deeper-spacer clearfix\" data-config='{\"desktop\":75,\"mobile\":55,\"smobile\":55}'><\/div><div class=\"deeper-spacer clearfix\" data-config='{\"desktop\":75,\"mobile\":55,\"smobile\":55}'><\/div><\/div><\/div><\/div><\/div><div class=\"vc_row wpb_row vc_row-fluid position-relative\"><div class=\"wpb_column vc_column_container vc_col-sm-12\"><div class=\"vc_column-inner\"><div class=\"wpb_wrapper\"><div class=\"deeper-spacer clearfix\" data-config='{\"desktop\":100,\"mobile\":80,\"smobile\":80}'><\/div><\/div><\/div><\/div><div class=\"wpb_column vc_column_container vc_col-sm-6\"><div class=\"vc_column-inner\"><div class=\"wpb_wrapper\"><div class=\"deeper-parallax-box\"><div class=\"parallax-wrap\"><div class=\"deeper-parallax-item has-width\" style=\"margin-top:15%;width:47%;\" data-parallax='{\"x\" : 0,\"y\" : 30, \"smoothness\" : 30}' data-top=\"15%\"><img decoding=\"async\" class=\"parallax-image\" src=\"https:\/\/villa-aurelia.de\/wp-content\/uploads\/2024\/07\/jpeg-optimizer_AK100067.png\" alt=\"image\"> <\/div><div class=\"deeper-parallax-item has-width\" style=\"left:54%;margin-top:47%;width:41.5%;\" data-parallax='{\"x\" : 0,\"y\" : -55, \"smoothness\" : 30}' data-top=\"47%\"><img decoding=\"async\" class=\"parallax-image\" src=\"https:\/\/villa-aurelia.de\/wp-content\/uploads\/2024\/07\/jpeg-optimizer_A7404212.png\" alt=\"image\"> <\/div><div class=\"deeper-parallax-item has-width\" style=\"left:29%;margin-top:3%;width:56%;border-radius:10px;\" data-parallax='{\"x\" : 0,\"y\" : -30, \"smoothness\" : 30}' data-top=\"3%\"><img decoding=\"async\" class=\"parallax-image\" src=\"https:\/\/villa-aurelia.de\/wp-content\/uploads\/2024\/07\/jpeg-optimizer_A7404220.png\" alt=\"image\"> <\/div><\/div><\/div><\/div><\/div><\/div><div class=\"wpb_column vc_column_container vc_col-sm-6\"><div class=\"vc_column-inner\"><div class=\"wpb_wrapper\"><div class=\"deeper-content-box clearfix ctb-1278452870\" style=\"\" data-config='{\"padding\":\"11% 0 0 0\",\"mobiPadding\":\"0\",\"margin\":\"0\",\"mobiMargin\":\"0\",\"borderStyle\":\"solid\"}'>\r\n\t\t\t\t\t<div class=\"inner \" style=\"\">\r\n\t\t\t\t\t\t<h2 class=\"deeper-text align-left \" style=\"font-size:28px;letter-spacing:-0.2px;\" ><span>Wir bieten Privatb\u00fcros f\u00fcr Freiberufler, Start-up-Unternehmen und Unternehmer<\/span>\n<\/h2><div class=\"deeper-spacer clearfix\" data-config='{\"desktop\":40,\"mobile\":40,\"smobile\":40}'><\/div><h5 class=\"deeper-text align-left \" style=\"font-size:16px;font-weight:600;letter-spacing:0.01px;color:#313131;\" ><span>Kleine Unternehmen genie\u00dfen die Flexibilit\u00e4t unserer Privatb\u00fcros.<\/span>\n<\/h5><div class=\"deeper-spacer clearfix\" data-config='{\"desktop\":27,\"mobile\":27,\"smobile\":27}'><\/div>\n\t<div class=\"wpb_text_column wpb_content_element\" >\n\t\t<div class=\"wpb_wrapper\">\n\t\t\t<p class=\"font-size-16 line-height-24\">Ob f\u00fcr 2 oder 10 Personen, unsere Privatb\u00fcros bieten den perfekten Raum f\u00fcr die Entfaltung Ihres Unternehmens. Bleiben Sie f\u00fcr 3 Monate oder ein Jahr. Wir k\u00f6nnen einen flexiblen Plan erstellen, der den Bed\u00fcrfnissen Ihres wachsenden Unternehmens gerecht wird.<\/p>\n\n\t\t<\/div>\n\t<\/div>\n<div class=\"deeper-spacer clearfix\" data-config='{\"desktop\":27,\"mobile\":27,\"smobile\":27}'><\/div><div class=\"deeper-gridbox clearfix  grid2 no-borders v-20   grid-lg-2 grid-md-1 grid-sm-1\" data-column=\"2\"><div class=\"list-wrap\">\n\t\t\t\t\t<ul class=\"deeper-list icon-middle \" >\n\t\t\t\t\t\t<li class=\"list-item\" style=\"\">\n\t\t\t\t\t\t<div class=\"deeper-icon icon-font icon-1085079277\" data-config='{\"color\":\"#313131\",\"fontSize\":\"14px\",\"margin\":\"1px 0 0\"}'>\n\t\t\t\t\t\t\t<span class=\"icon-wrap \"><i class=\"fas fa-check\"><\/i><\/span>\n\t\t\t\t\t\t<\/div>\n\t\t\t\t\t\t<div class=\"content-wrap\">\n\t\t\t\t\t\t\t\n\t\t\t\t\t\t\t<div class=\"desc\" style=\"color:#313131;color:#313131;font-weight:600;\">Hochwertige B\u00fcrom\u00f6bel und Ausstattung<\/div>\n\t\t\t\t\t\t<\/div>\n\t\t\t\t\t<\/li><li class=\"list-item\" style=\"\">\n\t\t\t\t\t\t<div class=\"deeper-icon icon-font icon-1095297510\" data-config='{\"color\":\"#313131\",\"fontSize\":\"14px\",\"margin\":\"1px 0 0\"}'>\n\t\t\t\t\t\t\t<span class=\"icon-wrap \"><i class=\"fas fa-check\"><\/i><\/span>\n\t\t\t\t\t\t<\/div>\n\t\t\t\t\t\t<div class=\"content-wrap\">\n\t\t\t\t\t\t\t\n\t\t\t\t\t\t\t<div class=\"desc\" style=\"color:#313131;color:#313131;font-weight:600;color:#313131;color:#313131;font-weight:600;\">Prestigetr\u00e4chtige Lage in K\u00f6ln Lindenthal<\/div>\n\t\t\t\t\t\t<\/div>\n\t\t\t\t\t<\/li><li class=\"list-item\" style=\"\">\n\t\t\t\t\t\t<div class=\"deeper-icon icon-font icon-45839203\" data-config='{\"color\":\"#313131\",\"fontSize\":\"14px\",\"margin\":\"1px 0 0\"}'>\n\t\t\t\t\t\t\t<span class=\"icon-wrap \"><i class=\"fas fa-check\"><\/i><\/span>\n\t\t\t\t\t\t<\/div>\n\t\t\t\t\t\t<div class=\"content-wrap\">\n\t\t\t\t\t\t\t\n\t\t\t\t\t\t\t<div class=\"desc\" style=\"color:#313131;color:#313131;font-weight:600;color:#313131;color:#313131;font-weight:600;color:#313131;color:#313131;font-weight:600;\">Erstklassige Sicherheitsma\u00dfnahmen<\/div>\n\t\t\t\t\t\t<\/div>\n\t\t\t\t\t<\/li>\n\t\t\t\t\t<\/ul>\n\t\t\t\t<\/div><div class=\"list-wrap\">\n\t\t\t\t\t<ul class=\"deeper-list icon-middle \" >\n\t\t\t\t\t\t<li class=\"list-item\" style=\"\">\n\t\t\t\t\t\t<div class=\"deeper-icon icon-font icon-1844607253\" data-config='{\"color\":\"#313131\",\"fontSize\":\"14px\",\"margin\":\"1px 0 0\"}'>\n\t\t\t\t\t\t\t<span class=\"icon-wrap \"><i class=\"fas fa-check\"><\/i><\/span>\n\t\t\t\t\t\t<\/div>\n\t\t\t\t\t\t<div class=\"content-wrap\">\n\t\t\t\t\t\t\t\n\t\t\t\t\t\t\t<div class=\"desc\" style=\"color:#313131;color:#313131;font-weight:600;\">Bio-Kaffee, Bio-Tee und frisches Obst<\/div>\n\t\t\t\t\t\t<\/div>\n\t\t\t\t\t<\/li><li class=\"list-item\" style=\"\">\n\t\t\t\t\t\t<div class=\"deeper-icon icon-font icon-638091288\" data-config='{\"color\":\"#313131\",\"fontSize\":\"14px\",\"margin\":\"1px 0 0\"}'>\n\t\t\t\t\t\t\t<span class=\"icon-wrap \"><i class=\"fas fa-check\"><\/i><\/span>\n\t\t\t\t\t\t<\/div>\n\t\t\t\t\t\t<div class=\"content-wrap\">\n\t\t\t\t\t\t\t\n\t\t\t\t\t\t\t<div class=\"desc\" style=\"color:#313131;color:#313131;font-weight:600;color:#313131;color:#313131;font-weight:600;\">Inspirierende Arbeitsumgebung<\/div>\n\t\t\t\t\t\t<\/div>\n\t\t\t\t\t<\/li><li class=\"list-item\" style=\"\">\n\t\t\t\t\t\t<div class=\"deeper-icon icon-font icon-765729334\" data-config='{\"color\":\"#313131\",\"fontSize\":\"14px\",\"margin\":\"1px 0 0\"}'>\n\t\t\t\t\t\t\t<span class=\"icon-wrap \"><i class=\"fas fa-check\"><\/i><\/span>\n\t\t\t\t\t\t<\/div>\n\t\t\t\t\t\t<div class=\"content-wrap\">\n\t\t\t\t\t\t\t\n\t\t\t\t\t\t\t<div class=\"desc\" style=\"color:#313131;color:#313131;font-weight:600;color:#313131;color:#313131;font-weight:600;color:#313131;color:#313131;font-weight:600;\">24 Stunden Zugang<\/div>\n\t\t\t\t\t\t<\/div>\n\t\t\t\t\t<\/li><li class=\"list-item\" style=\"\">\n\t\t\t\t\t\t<div class=\"deeper-icon icon-font icon-430218087\" data-config='{\"color\":\"#313131\",\"fontSize\":\"14px\",\"margin\":\"1px 0 0\"}'>\n\t\t\t\t\t\t\t<span class=\"icon-wrap \"><i class=\"fas fa-check\"><\/i><\/span>\n\t\t\t\t\t\t<\/div>\n\t\t\t\t\t\t<div class=\"content-wrap\">\n\t\t\t\t\t\t\t\n\t\t\t\t\t\t\t<div class=\"desc\" style=\"color:#313131;color:#313131;font-weight:600;color:#313131;color:#313131;font-weight:600;color:#313131;color:#313131;font-weight:600;color:#313131;color:#313131;font-weight:600;\">3,90 m\u00b2 Deckenh\u00f6he<\/div>\n\t\t\t\t\t\t<\/div>\n\t\t\t\t\t<\/li>\n\t\t\t\t\t<\/ul>\n\t\t\t\t<\/div><\/div><div class=\"deeper-spacer clearfix\" data-config='{\"desktop\":40,\"mobile\":40,\"smobile\":10}'><\/div><div class=\"url-wrap  align-left\">\r\n\t\t\t\t\t\t<a class=\"deeper-button custom small btn-832565181\" style=\"\" href=http:\/\/villa-aurelia.de\/privatbuero\/#preise data-config='{\"color\":\"#ffffff\",\"bg\":\"#313131\",\"border\":\"2px solid #313131\",\"borderHover\":\"2px solid #625f5f\",\"colorHover\":\"#ffffff\",\"bgHover\":\"#625f5f\"}'>Jetzt starten<\/a>\r\n\t\t\t\t\t<\/div>\r\n\t\t\t\t\t<\/div>\r\n\t\t\t\t<\/div><\/div><\/div><\/div><div class=\"wpb_column vc_column_container vc_col-sm-12\"><div class=\"vc_column-inner\"><div class=\"wpb_wrapper\"><div class=\"deeper-spacer clearfix\" data-config='{\"desktop\":100,\"mobile\":80,\"smobile\":80}'><\/div><\/div><\/div><\/div><\/div><div data-vc-full-width=\"true\" data-vc-full-width-init=\"false\" class=\"vc_row wpb_row vc_row-fluid custom-pd-1 vc_custom_1721732365178 vc_row-has-fill position-relative\"><div class=\"wpb_column vc_column_container vc_col-sm-12\"><div class=\"vc_column-inner\"><div class=\"wpb_wrapper\"><div class=\"deeper-spacer clearfix\" data-config='{\"desktop\":670,\"mobile\":600,\"smobile\":650}'><\/div><\/div><\/div><\/div><div class=\"deeper-background row row-1800\" style=\"background-color:#cccbbf;border-radius:50px;\"><\/div><\/div><div class=\"vc_row-full-width vc_clearfix\"><\/div><div data-vc-full-width=\"true\" data-vc-full-width-init=\"false\" class=\"vc_row wpb_row vc_row-fluid overflow-visible vc_custom_1721729967085 position-relative\"><div class=\"wpb_column vc_column_container vc_col-sm-12\"><div class=\"vc_column-inner\"><div class=\"wpb_wrapper\"><div class=\"deeper-spacer clearfix\" data-config='{\"desktop\":100,\"mobile\":80,\"smobile\":80}'><\/div><\/div><\/div><\/div><div class=\"wpb_column vc_column_container vc_col-sm-7 vc_col-lg-7 vc_col-md-7\"><div class=\"vc_column-inner\"><div class=\"wpb_wrapper\"><div class=\"deeper-content-box clearfix ctb-2131268664\" style=\"\" data-config='{\"padding\":\"0 35px 0 0\",\"mobiPadding\":\"0\",\"margin\":\"-10px 0 0 0\",\"mobiMargin\":\"0\",\"borderStyle\":\"solid\"}'>\r\n\t\t\t\t\t<div class=\"inner \" style=\"\">\r\n\t\t\t\t\t\t<h2 class=\"deeper-text align-left  text-has-width\" style=\"font-size:28px;letter-spacing:-0.2px;max-width:800px;\" ><span>Sichern Sie sich den Platz, den Sie brauchen, um Ihre Kunden zu beeindrucken<\/span>\n<\/h2><div class=\"deeper-spacer clearfix\" data-config='{\"desktop\":40,\"mobile\":30,\"smobile\":30}'><\/div><div class=\"deeper-text align-center \" style=\"font-size:16px;color:#313131;\" ><span>Wir sind ein aufstrebender Anbieter von flexiblen Arbeitsplatzl\u00f6sungen in K\u00f6ln, der ambitionierten Startups und dynamischen Unternehmen innovative Arbeitsumgebungen bietet.<\/span>\n<\/div><div class=\"deeper-spacer clearfix\" data-config='{\"desktop\":30,\"mobile\":30,\"smobile\":30}'><\/div><div class=\"deeper-text align-center \" style=\"font-size:16px;color:#313131;\" ><span>Unser Ziel ist es, modernen, ehrgeizigen Unternehmen zu erm\u00f6glichen, wann und wie sie wollen zu arbeiten. Wir sind stolz darauf, ma\u00dfgeschneiderte Arbeitsplatzl\u00f6sungen zu schaffen, die den Bed\u00fcrfnissen der Zukunft gerecht werden.<\/span>\n<\/div><div class=\"deeper-spacer clearfix\" data-config='{\"desktop\":45,\"mobile\":45,\"smobile\":45}'><\/div><div class=\"url-wrap  align-left\">\r\n\t\t\t\t\t\t<a class=\"deeper-button custom big btn-1031265789\" style=\"\" href=http:\/\/villa-aurelia.de\/kontakt\/ data-config='{\"color\":\"#ffffff\",\"bg\":\"#313131\",\"border\":\"2px solid #313131\",\"borderHover\":\"2px solid #625f5f\",\"colorHover\":\"#ffffff\",\"bgHover\":\"#625f5f\"}'>Angebot anfordern<\/a>\r\n\t\t\t\t\t<\/div>\r\n\t\t\t\t\t<\/div>\r\n\t\t\t\t<\/div><div class=\"deeper-spacer clearfix\" data-config='{\"smobile\":50}'><\/div><\/div><\/div><\/div><div class=\"wpb_column vc_column_container vc_col-sm-5 vc_col-lg-5 vc_col-md-5\"><div class=\"vc_column-inner\"><div class=\"wpb_wrapper\"><div class=\"deeper-fancy-image reveal  reveal-radius-50 lr \"   data-inviewport=\"yes\">\r\n\t\t\t\t\t\t\t<figure style=\"border-radius:50px;overflow:hidden;\"><img decoding=\"async\" alt=\"image\" src=\"https:\/\/villa-aurelia.de\/wp-content\/uploads\/2024\/07\/jpeg-optimizer_DJI_0305.png\" \/> <\/figure>\r\n\t\t\t\t\t\t<\/div><div class=\"deeper-parallax-box\"><div class=\"parallax-wrap\"><div class=\"deeper-parallax-item has-width z-index-low\" style=\"left:auto;right:-15%;margin-top:-84%;width:38%;\" data-parallax='{\"x\" : 0,\"y\" : -40, \"smoothness\" : 30}' data-top=\"-84%\"><img decoding=\"async\" class=\"parallax-image\" src=\"https:\/\/villa-aurelia.de\/wp-content\/uploads\/2020\/06\/shape-04.png\" alt=\"image\"> <\/div><\/div><\/div><\/div><\/div><\/div><div class=\"wpb_column vc_column_container vc_col-sm-12\"><div class=\"vc_column-inner\"><div class=\"wpb_wrapper\"><div class=\"deeper-spacer clearfix\" data-config='{\"desktop\":100,\"mobile\":80,\"smobile\":80}'><\/div><\/div><\/div><\/div><div class=\"deeper-background row row-1800\" style=\"border-radius:50px;\"><\/div><\/div><div class=\"vc_row-full-width vc_clearfix\"><\/div><div class=\"vc_row wpb_row vc_row-fluid vc-custom-col-spacing-40px no-padding vc_custom_1724138555352 vc_row-has-fill position-relative\"><div class=\"no-padding wpb_column vc_column_container vc_col-sm-12\"><div class=\"vc_column-inner\"><div class=\"wpb_wrapper\">\t\t\t\t<div class=\"deeper-cubeportfolio deeper-portfolio reveal style-2 no-padding\" data-config='{\"filters\":\".filter-423832472\",\"defaultFilter\":\"*\",\"animationType\":\"quicksand\",\"showNavigation\":true,\"showPagination\":true,\"rewindNav\":false,\"auto\":false,\"caption\":\"\",\"displayType\":\"sequentially\",\"displayTypeSpeed\":\"100\",\"mediaQueries\":[{\"width\":1500,\"cols\":2},{\"width\":923,\"cols\":2},{\"width\":878,\"cols\":2,\"options\":{\"gapHorizontal\":50,\"gapVertical\":70}},{\"width\":675,\"cols\":2,\"options\":{\"gapHorizontal\":40,\"gapVertical\":50}},{\"width\":502,\"cols\":1,\"options\":{\"gapHorizontal\":30,\"gapVertical\":0}}],\"layoutMode\":\"grid\",\"gridAdjustment\":\"responsive\",\"gapHorizontal\":70,\"gapVertical\":100}' data-inviewport=\"yes\">\r\n\r\n\t\t\t\t\t\t\t\t\t\t\t<div id=\"portfolio-galleries\" class=\"cbp cube-galleries\">\r\n\t\t\t\t\t\t    \t\t\t\t\t\t\t\t\r\n\t\t\t\t\t\t\t\t<div class=\"cbp-item group-5 \">\r\n\t\t\t\t\t\t\t\t\t\r\n\t\t\t\t\t\t\t\t\t\t\t\t\t\t\t\t\t\t\t<div class=\"project-item\">\r\n\t\t\t\t\t\t\t\t\t\t\t<div class=\"project-image\">\r\n\t\t\t\t\t\t\t\t\t\t\t\t<div class=\"mask\"><a href=\"https:\/\/villa-aurelia.de\/wp-content\/uploads\/2020\/07\/standard.jpg\" class=\"view-gallery-btn image-popup\">Full Image<\/a><\/div>\r\n\t\t\t\t\t\t\t\t\t\t\t\t<img loading=\"lazy\" decoding=\"async\" width=\"556\" height=\"670\" src=\"https:\/\/villa-aurelia.de\/wp-content\/uploads\/2020\/07\/standard.jpg\" class=\"attachment-full size-full wp-post-image\" alt=\"\" srcset=\"https:\/\/villa-aurelia.de\/wp-content\/uploads\/2020\/07\/standard.jpg 556w, https:\/\/villa-aurelia.de\/wp-content\/uploads\/2020\/07\/standard-249x300.jpg 249w, https:\/\/villa-aurelia.de\/wp-content\/uploads\/2020\/07\/standard-124x150.jpg 124w\" sizes=\"auto, (max-width: 556px) 100vw, 556px\" \/>\t\r\n\t\t\t\t\t\t\t\t\t\t\t<\/div>\r\n\r\n\t\t\t\t\t\t\t\t\t\t\t<div class=\"content-wrap\">\r\n\t\t\t\t\t\t\t\t\t\t\t\t<h3 class=\"title\"><a href=\"https:\/\/villa-aurelia.de\/nl\/project\/standard-privatbuero\/\">Standard Privatb\u00fcro<\/a><\/h3><div class=\"project-desc\">Genie\u00dfen Sie ein privates B\u00fcro f\u00fcr bis zu drei Personen mit schnellem WLAN und Zugang zu gemeinsamen Bereichen. Nutzen Sie unsere Drucker\/Scanner f\u00fcr Ihre t\u00e4glichen Gesch\u00e4ftsanforderungen.<\/div><div class=\"project-price\">999 \u20ac\/Monat<\/div>\r\n\t\t\t\t\t\t\t\t\t\t\t\t<div class=\"project-link\">\r\n\t\t\t\t\t\t\t\t\t\t\t\t\t<div class=\"url-wrap \">\r\n\t\t\t\t\t\t\t\t\t\t\t\t\t\t<a class=\"deeper-link style-1\" href=\"https:\/\/villa-aurelia.de\/nl\/project\/standard-privatbuero\/\" target=\"_self\">Learn More<\/a>\t\t\t\t\t\t\t\t\t\t\t\t\t<\/div>\r\n\t\t\t\t\t\t\t\t\t\t\t\t<\/div>\r\n\t\t\t\t\t\t\t\t\t\t\t<\/div>\r\n\t\t\t\t\t\t\t\t\t\t<\/div><!-- \/.project-item -->\r\n\t\t\t\t\t\t\t\t\t\t\t\t\t\t\t\t\t<\/div><!-- \/.cbp-item -->\r\n\t\t\t\t\t\t\t\t\t\t\t\t\t\t\t\r\n\t\t\t\t\t\t\t\t<div class=\"cbp-item group-5 \">\r\n\t\t\t\t\t\t\t\t\t\r\n\t\t\t\t\t\t\t\t\t\t\t\t\t\t\t\t\t\t\t<div class=\"project-item\">\r\n\t\t\t\t\t\t\t\t\t\t\t<div class=\"project-image\">\r\n\t\t\t\t\t\t\t\t\t\t\t\t<div class=\"mask\"><a href=\"https:\/\/villa-aurelia.de\/wp-content\/uploads\/2020\/07\/premium.jpg\" class=\"view-gallery-btn image-popup\">Full Image<\/a><\/div>\r\n\t\t\t\t\t\t\t\t\t\t\t\t<img loading=\"lazy\" decoding=\"async\" width=\"556\" height=\"670\" src=\"https:\/\/villa-aurelia.de\/wp-content\/uploads\/2020\/07\/premium.jpg\" class=\"attachment-full size-full wp-post-image\" alt=\"\" srcset=\"https:\/\/villa-aurelia.de\/wp-content\/uploads\/2020\/07\/premium.jpg 556w, https:\/\/villa-aurelia.de\/wp-content\/uploads\/2020\/07\/premium-249x300.jpg 249w, https:\/\/villa-aurelia.de\/wp-content\/uploads\/2020\/07\/premium-124x150.jpg 124w\" sizes=\"auto, (max-width: 556px) 100vw, 556px\" \/>\t\r\n\t\t\t\t\t\t\t\t\t\t\t<\/div>\r\n\r\n\t\t\t\t\t\t\t\t\t\t\t<div class=\"content-wrap\">\r\n\t\t\t\t\t\t\t\t\t\t\t\t<h3 class=\"title\"><a href=\"https:\/\/villa-aurelia.de\/nl\/project\/premium-privatbuero\/\">Premium Privatb\u00fcro<\/a><\/h3><div class=\"project-desc\">Luxuri\u00f6ses privates B\u00fcro f\u00fcr bis zu sechs Personen, ausgestattet mit ergonomischen M\u00f6beln und Schlie\u00dff\u00e4chern.<\/div><div class=\"project-price\">1499 \u20ac\/Monat<\/div>\r\n\t\t\t\t\t\t\t\t\t\t\t\t<div class=\"project-link\">\r\n\t\t\t\t\t\t\t\t\t\t\t\t\t<div class=\"url-wrap \">\r\n\t\t\t\t\t\t\t\t\t\t\t\t\t\t<a class=\"deeper-link style-1\" href=\"https:\/\/villa-aurelia.de\/nl\/project\/premium-privatbuero\/\" target=\"_self\">Learn More<\/a>\t\t\t\t\t\t\t\t\t\t\t\t\t<\/div>\r\n\t\t\t\t\t\t\t\t\t\t\t\t<\/div>\r\n\t\t\t\t\t\t\t\t\t\t\t<\/div>\r\n\t\t\t\t\t\t\t\t\t\t<\/div><!-- \/.project-item -->\r\n\t\t\t\t\t\t\t\t\t\t\t\t\t\t\t\t\t<\/div><!-- \/.cbp-item -->\r\n\t\t\t\t\t\t\t\t\t\t\t\t\t<\/div><!-- \/galleries -->\r\n\t\t\t\t\t\t\t\t\t\r\n\t\t\t\t<\/div><!-- \/.deeper-portfolio -->\r\n\r\n\t\t\t\t<div class=\"deeper-spacer clearfix\" data-config='{\"desktop\":100,\"mobile\":80,\"smobile\":80}'><\/div><\/div><\/div><\/div><\/div><div data-vc-full-width=\"true\" data-vc-full-width-init=\"false\" class=\"vc_row wpb_row vc_row-fluid custom-pd-1 vc_custom_1721732410553 vc_row-has-fill position-relative\"><div class=\"no-padding wpb_column vc_column_container vc_col-sm-12\"><div class=\"vc_column-inner\"><div class=\"wpb_wrapper\"><div class=\"deeper-spacer clearfix\" data-config='{\"desktop\":650,\"mobile\":650,\"smobile\":650}'><\/div><\/div><\/div><\/div><div class=\"deeper-background row row-1800\" style=\"background-color:#e4f5fd;border-radius:50px;\"><\/div><\/div><div class=\"vc_row-full-width vc_clearfix\"><\/div><div id=\"preise\" data-vc-full-width=\"true\" data-vc-full-width-init=\"false\" class=\"vc_row wpb_row vc_row-fluid overflow-visible vc_custom_1721385378642 position-relative\"><div class=\"wpb_column vc_column_container vc_col-sm-12\"><div class=\"vc_column-inner\"><div class=\"wpb_wrapper\"><h5 class=\"deeper-text align-center \" style=\"font-size:16px;font-weight:600;letter-spacing:-0.2px;margin-bottom:16px;color:#313131;\" ><span>Preisgestaltung f\u00fcr Unternehmen jeder Gr\u00f6\u00dfe<\/span>\n<\/h5><h2 class=\"deeper-text align-center \" style=\"font-size:28px;letter-spacing:-0.2px;color:#313131;\" ><span>Schlie\u00dfen Sie sich unserer Gemeinschaft an und starten Sie durch mit der Villa Aurelia.<\/span>\n<\/h2><div class=\"deeper-spacer clearfix\" data-config='{\"desktop\":70,\"mobile\":50,\"smobile\":50}'><\/div><\/div><\/div><\/div><div class=\"hover-effect-1 z-index-9999 wpb_column vc_column_container vc_col-sm-6 vc_col-md-6\"><div class=\"vc_column-inner\"><div class=\"wpb_wrapper\"><div class=\"deeper-price-box align-center \" style=\"\" >\r\n\t\t\t\t\t<h2 class=\"plan-name \" style=\"color:#313131;\">Standard Privatb\u00fcro<\/h2><div class=\"price \" style=\"color:#313131;\"><span class=\"price-inner\"> 999 \u20ac\/Monat<\/span><\/div><div class=\"plan-desc \" style=\"color:#313131;\">Jetzt privaten Arbeitsplatz sichern<\/div><div class=\"features\" style=\"\"><ul>\n<li>Privates B\u00fcro f\u00fcr bis zu 3 Personen<\/li>\n<li><span>3,9 m\u00b2 Deckenh\u00f6he<\/span><\/li>\n<li>Abschlie\u00dfbar<\/li>\n<li>Schnelles WLAN<\/li>\n<li>Zugang zu gemeinsamen Bereichen (K\u00fcche, Lounge)<\/li>\n<li>Nutzung von Drucker\/Scanner<\/li>\n<\/ul>\n<\/div>\r\n\t\t\t\t\t<div class=\"url-wrap  align-center\">\r\n\t\t\t\t\t\t<a class=\"deeper-button custom small btn-313318731\" style=\"\" href=http:\/\/villa-aurelia.de\/kontakt\/ data-config='{\"color\":\"#ffffff\",\"bg\":\"#313131\",\"border\":\"2px solid #313131\",\"borderHover\":\"2px solid #625f5f\",\"colorHover\":\"#ffffff\",\"bgHover\":\"#625f5f\"}'>Anfrage stellen<\/a>\r\n\t\t\t\t\t<\/div>\r\n\t\t\t\t<\/div><div class=\"deeper-spacer clearfix\" data-config='{\"mobile\":30,\"smobile\":30}'><\/div><\/div><\/div><\/div><div class=\"hover-effect-1 z-index-9999 wpb_column vc_column_container vc_col-sm-6 vc_col-md-6\"><div class=\"vc_column-inner\"><div class=\"wpb_wrapper\"><div class=\"deeper-price-box align-center feature-table-2\" style=\"\" >\r\n\t\t\t\t\t<h2 class=\"plan-name \" style=\"color:#ffffff;\">Premium Privatb\u00fcro<\/h2><div class=\"price \" style=\"color:#ffffff;\"><span class=\"price-inner\"> 1499\u20ac\/Monat<\/span><\/div><div class=\"plan-desc \" style=\"color:#ffffff;\">Erleben Sie Premium-B\u00fcrokomfort<\/div><div class=\"features\" style=\"\"><ul class=\"text-white\">\n<li>Privates B\u00fcro f\u00fcr bis zu 6 Personen<\/li>\n<li><span>3,9 m\u00b2 Deckenh\u00f6he<\/span><\/li>\n<li>Abschlie\u00dfbar<\/li>\n<li>Alle Leistungen des Standardangebots<\/li>\n<li>Zugang zu exklusiven Veranstaltungen und Networking-Events<\/li>\n<\/ul>\n<\/div>\r\n\t\t\t\t\t<div class=\"url-wrap  align-center\">\r\n\t\t\t\t\t\t<a class=\"deeper-button custom small btn-601772832\" style=\"\" href=http:\/\/villa-aurelia.de\/kontakt\/ data-config='{\"color\":\"#313131\",\"bg\":\"#ffffff\",\"border\":\"2px solid #ffffff\",\"borderHover\":\"2px solid #ffffff\",\"colorHover\":\"#625f5f\",\"bgHover\":\"#ffffff\"}'>Anfrage stellen<\/a>\r\n\t\t\t\t\t<\/div>\r\n\t\t\t\t<\/div><\/div><\/div><\/div><div class=\"wpb_column vc_column_container vc_col-sm-12\"><div class=\"vc_column-inner\"><div class=\"wpb_wrapper\"><div class=\"deeper-parallax-box\"><div class=\"parallax-wrap\"><div class=\"deeper-parallax-item has-width z-index-low\" style=\"left:-10%;margin-top:-50%;width:26%;\" data-parallax='{\"x\" : 0,\"y\" : -40, \"smoothness\" : 30}' data-top=\"-50%\"><img decoding=\"async\" class=\"parallax-image\" src=\"https:\/\/villa-aurelia.de\/wp-content\/uploads\/2020\/06\/shape-02.png\" alt=\"image\"> <\/div><\/div><\/div><div class=\"deeper-spacer clearfix\" data-config='{\"desktop\":70,\"mobile\":50,\"smobile\":50}'><\/div><div class=\"deeper-text align-center \" style=\"font-weight:600;letter-spacing:-0.2px;color:#313131;\" ><span><span>Haben Sie eine Frage zu unseren Angeboten? Wenden Sie sich gerne direkt an unser Team \u2013 wir helfen Ihnen umgehend weiter.<\/span><\/span>\n<\/div><div class=\"deeper-spacer clearfix\" data-config='{\"desktop\":100,\"mobile\":80,\"smobile\":80}'><\/div><div class=\"deeper-divider divider-center divider-solid\" style=\"width:100%;border-width:1px;border-top-color:#e7e7e7;\"><\/div><div class=\"clearfix\"><\/div><div class=\"deeper-spacer clearfix\" data-config='{\"desktop\":90,\"mobile\":70,\"smobile\":70}'><\/div><\/div><\/div><\/div><\/div><div class=\"vc_row-full-width vc_clearfix\"><\/div>\n<\/div>","protected":false},"excerpt":{"rendered":"Coworking design, office fit out and private office refurbishment Consulting with an innovator in the construction sector means working with a team who know what they want. Our client is a renowned brand with a clear vision and high expectations from the designers they partner with. With our in-house design","protected":false},"author":1,"featured_media":0,"parent":0,"menu_order":0,"comment_status":"closed","ping_status":"closed","template":"","meta":{"_monsterinsights_skip_tracking":false,"_monsterinsights_sitenote_active":false,"_monsterinsights_sitenote_note":"","_monsterinsights_sitenote_category":0,"footnotes":""},"class_list":["post-22","page","type-page","status-publish","hentry"],"aioseo_notices":[],"_links":{"self":[{"href":"https:\/\/villa-aurelia.de\/nl\/wp-json\/wp\/v2\/pages\/22","targetHints":{"allow":["GET"]}}],"collection":[{"href":"https:\/\/villa-aurelia.de\/nl\/wp-json\/wp\/v2\/pages"}],"about":[{"href":"https:\/\/villa-aurelia.de\/nl\/wp-json\/wp\/v2\/types\/page"}],"author":[{"embeddable":true,"href":"https:\/\/villa-aurelia.de\/nl\/wp-json\/wp\/v2\/users\/1"}],"replies":[{"embeddable":true,"href":"https:\/\/villa-aurelia.de\/nl\/wp-json\/wp\/v2\/comments?post=22"}],"version-history":[{"count":72,"href":"https:\/\/villa-aurelia.de\/nl\/wp-json\/wp\/v2\/pages\/22\/revisions"}],"predecessor-version":[{"id":4262,"href":"https:\/\/villa-aurelia.de\/nl\/wp-json\/wp\/v2\/pages\/22\/revisions\/4262"}],"wp:attachment":[{"href":"https:\/\/villa-aurelia.de\/nl\/wp-json\/wp\/v2\/media?parent=22"}],"curies":[{"name":"wp","href":"https:\/\/api.w.org\/{rel}","templated":true}]}}